{"id":5692,"date":"2023-10-05T10:05:59","date_gmt":"2023-10-05T08:05:59","guid":{"rendered":"https:\/\/www.mzclp.de\/?page_id=5692"},"modified":"2026-09-01T09:41:12","modified_gmt":"2026-09-01T07:41:12","slug":"kjf-djdfi2024","status":"publish","type":"page","link":"https:\/\/www.mzclp.de\/?page_id=5692","title":{"rendered":"KJF &#8211; Deutscher Jugendfilmpreis 2026"},"content":{"rendered":"<div class=\"tx-row \">\n<div class=\"tx-column tx-column-size-\"><img decoding=\"async\" class=\"alignleft\" style=\"width: 470px;height: 333px;border-width: 2px;border-style: solid;margin: 10px;float: left\" src=\"https:\/\/www.mzclp.de\/wp-content\/uploads\/2026\/09\/JFP27_JT-Visual_ohne-Logo_1920-x-1080-px.png\" alt=\"\" \/><br \/>\n<\/div>\n<div class=\"tx-column tx-column-size-1-3\">\n<p style=\"font-size: 14px;text-align: left\"><strong>&#8211; Jahresthema: \u201eLiebe geht raus\u201c<br \/>\n<\/strong><strong>&#8211; Allgemeiner Wettbewerb: &#8222;Freie Themenwahl&#8220;<\/strong><\/p>\n<p style=\"font-size: 14px;text-align: left\"><strong><span style=\"color: #0000ff\">Preise im Gesamtwert von 16.000 Euro<br \/>\n<\/span><\/strong><strong><span style=\"color: #0000ff\"><span style=\"color: #0000ff\">Einsendeschluss:<\/span> <span style=\"font-size: 14px\"><span style=\"color: #ff0000\">15. Januar 2027<\/span><\/span><\/span><\/strong><\/p>\n<h5>Jahresthema: \u201eLiebe geht raus\u201c<\/h5>\n<p>Mit dem Jahresthema \u201eLiebe geht raus\u201c l\u00e4dt der Deutsche Jugendfilmpreis euch ein, eure Herzensgeschichten zu erz\u00e4hlen. Ganz egal, ob es um gro\u00dfe Gef\u00fchle<br \/>\n<\/div>\n<div class=\"tx-column tx-column-size-1-1\">\noder kleine Gesten geht. Um eure erste Liebe, eure Besties, Wahlfamilie oder die Menschen, die euch den R\u00fccken freihalten. Um die Liebe zu eurem Sport, eurem Verein, eurer Musik oder einer Sache, f\u00fcr die euer Herz brennt. Vielleicht wollt ihr jemandem mit eurem Film einfach mal sagen: \u201eHab dich lieb.\u201c Vielleicht geht es um Zusammenhalt und darum, f\u00fcreinander da zu sein. Oder ihr m\u00f6chtet ein Zeichen setzen gegen Hass und Hetze. Erz\u00e4hlt uns, was Liebe f\u00fcr euch bedeutet und was eure Herzen ber\u00fchrt. Dabei geht es nicht um den perfekten Film. Es geht um eure Idee, eure Haltung und den Mut, sie zu zeigen. Ob Kurzspielfilm, Doku, Animation oder etwas ganz anderes \u2013 ob lustig, romantisch, pers\u00f6nlich, kritisch, laut oder leise: Bis zu einer Filml\u00e4nge von 15 Minuten ist alles erlaubt.<br \/>\n<\/div>\n<div class=\"tx-column tx-column-size-1-1\">\nIm offenen Wettbewerb sind jedes Genre, jedes Format und jede Art der Umsetzung zum Wettbewerb zugelassen.<br \/>\n<\/div>\n<div class=\"tx-spacer clearfix\" style=\"height: 18px\"><\/div>\n<div class=\"tx-column tx-column-size-1-1\">\n<span style=\"background-color: #ffff00\"><strong><span style=\"color: #ff0000\">Aber Achtung: Die Filme, die zum Jahresthema eingereicht werden, d\u00fcrfen nicht l\u00e4nger als 15 Minuten sein<\/span><\/strong><\/span>.<br \/>\n<\/div>\n<div class=\"tx-spacer clearfix\" style=\"height: 20px\"><\/div>\n<div class=\"tx-row \"><\/div>\n<div class=\"tx-column tx-column-size-1-3\">\n<span style=\"color: #000000;font-family: Arial, Helvetica, Verdana, sans-serif\">Video der Generationen wird seit 1998<br \/>\ngef\u00f6rdert vom:<\/span><br \/>\n<strong style=\"color: #000000;font-family: Arial, Helvetica, Verdana, sans-serif\">Bundesministerium f\u00fcr Familie,<br \/>\nSenioren,\u00a0Frauen und Jugend<\/strong><br \/>\n<\/div>\n<div class=\"tx-column tx-column-size-1-3\">\n<span style=\"color: #000000;font-family: Arial, Helvetica, Verdana, sans-serif\">Veranstalter:<br \/>\n<\/span><strong style=\"color: #000000;font-family: Arial, Helvetica, Verdana, sans-serif\">Kinder- und Jugendfilmzentrum in Deutschland (KJF)<\/strong><br \/>\n<\/div>\n<div class=\"tx-column tx-column-size-1-3\">\n<span style=\"color: #000000;font-family: Arial, Helvetica, Verdana, sans-serif\">Im Rahmen des\u00a0<\/span><br \/>\n<span style=\"color: #000000;font-family: Arial, Helvetica, Verdana, sans-serif\"><span><b>Kinder- und Jugendplan des Bundes<\/b><\/span><\/span><br \/>\n<\/div>\n<\/div>\n<div class=\"tx-spacer clearfix\" style=\"height: 10px\"><\/div>\n<h4>Anschrift<\/h4>\n<div class=\"tx-row \">\n<div class=\"tx-column tx-column-size-1-3\">Kinder- und Jugendfilmzentrum in Deutschland (KJF)<br \/>\nDeutscher Jugendfilmpreis<br \/>\nK\u00fcppelstein 34<br \/>\n42857 Remscheid<\/div>\n<div class=\"tx-column tx-column-size-2-3\">Telefon: 0 21 91 &#8211; 794 238<br \/>\nTelefax: 0 21 91 &#8211; 794 230<br \/>\nE-Mail:\u00a0<strong><a href=\"mailto:jugendfilmpreis@kjf.de?subject=Fragen%20zum%20Wettbewerb\"><span style=\"color: #0000cd\">jugendfilmpreis@kjf.de<\/span><\/a><\/strong><br \/>\n<span style=\"text-decoration: none\">Homepage<\/span><span style=\"color: #0000ff;text-decoration: none\">:\u00a0<\/span><a href=\"http:\/\/www.deutscher-jugendfilmpreis.de\"><strong><span style=\"text-decoration: none\"><span style=\"color: #0000ff\">Deutscher Jugendfilmpreis<\/span><\/span><\/strong><\/a><br \/>\n<\/div>\n<\/div>\n<div class=\"tx-spacer clearfix\" style=\"height: 25px\"><\/div>\n<div class=\"tx-cta\" style=\"\"><div class=\"tx-cta-text\">externer Link<\/div><a href=\"https:\/\/deutscher-jugendfilmpreis.de\/wettbewerb\/faq\" class=\"cta-button\">Fragen und Antworten<\/a><div class=\"clear\"><\/div><\/div>\n<p style=\"text-align: right;\"><a class=\"tx-button\" href=\"https:\/\/www.mzclp.de\/?page_id=2088\" target=\"_self\" style=\"color: #ffffff; background-color: #f11303\">zur\u00fcck<\/a>\n<p style=\"text-align: right;\"><span style=\"font-family: 'Courier New', Courier, monospace; font-size: 13px; background-color: #ffffe0;\">\u00a9 paetowd<\/span><\/p>\n","protected":false},"excerpt":{"rendered":"<p>Anschrift \u00a9 paetowd<\/p>\n<a class=\"moretag noptoppad\" href=\"https:\/\/www.mzclp.de\/?page_id=5692\">Read More...<\/a>","protected":false},"author":2,"featured_media":0,"parent":2088,"menu_order":0,"comment_status":"closed","ping_status":"closed","template":"","meta":{"footnotes":""},"class_list":["post-5692","page","type-page","status-publish","hentry"],"yoast_head":"<!-- This site is optimized with the Yoast SEO plugin v28.4 - https:\/\/yoast.com\/product\/yoast-seo-wordpress\/ -->\n<title>KJF - Deutscher Jugendfilmpreis 2026 - Medienzentrum Cloppenburg<\/title>\n<meta name=\"robots\" content=\"index, follow, max-snippet:-1, max-image-preview:large, max-video-preview:-1\" \/>\n<link rel=\"canonical\" href=\"https:\/\/www.mzclp.de\/?page_id=5692\" \/>\n<meta property=\"og:locale\" content=\"de_DE\" \/>\n<meta property=\"og:type\" content=\"article\" \/>\n<meta property=\"og:title\" content=\"KJF - Deutscher Jugendfilmpreis 2026 - Medienzentrum Cloppenburg\" \/>\n<meta property=\"og:description\" content=\"Anschrift \u00a9 paetowd\" \/>\n<meta property=\"og:url\" content=\"https:\/\/www.mzclp.de\/?page_id=5692\" \/>\n<meta property=\"og:site_name\" content=\"Medienzentrum Cloppenburg\" \/>\n<meta property=\"article:modified_time\" content=\"2026-09-01T07:41:12+00:00\" \/>\n<meta property=\"og:image\" content=\"https:\/\/www.mzclp.de\/wp-content\/uploads\/2026\/09\/JFP27_JT-Visual_ohne-Logo_1920-x-1080-px.png\" \/>\n<meta name=\"twitter:card\" content=\"summary_large_image\" \/>\n<meta name=\"twitter:label1\" content=\"Gesch\u00e4tzte Lesezeit\" \/>\n\t<meta name=\"twitter:data1\" content=\"2\u00a0Minuten\" \/>\n<script type=\"application\/ld+json\" class=\"yoast-schema-graph\">{\"@context\":\"https:\\\/\\\/schema.org\",\"@graph\":[{\"@type\":\"WebPage\",\"@id\":\"https:\\\/\\\/www.mzclp.de\\\/?page_id=5692\",\"url\":\"https:\\\/\\\/www.mzclp.de\\\/?page_id=5692\",\"name\":\"KJF - Deutscher Jugendfilmpreis 2026 - Medienzentrum Cloppenburg\",\"isPartOf\":{\"@id\":\"https:\\\/\\\/www.mzclp.de\\\/#website\"},\"primaryImageOfPage\":{\"@id\":\"https:\\\/\\\/www.mzclp.de\\\/?page_id=5692#primaryimage\"},\"image\":{\"@id\":\"https:\\\/\\\/www.mzclp.de\\\/?page_id=5692#primaryimage\"},\"thumbnailUrl\":\"https:\\\/\\\/www.mzclp.de\\\/wp-content\\\/uploads\\\/2026\\\/09\\\/JFP27_JT-Visual_ohne-Logo_1920-x-1080-px.png\",\"datePublished\":\"2023-10-05T08:05:59+00:00\",\"dateModified\":\"2026-09-01T07:41:12+00:00\",\"breadcrumb\":{\"@id\":\"https:\\\/\\\/www.mzclp.de\\\/?page_id=5692#breadcrumb\"},\"inLanguage\":\"de\",\"potentialAction\":[{\"@type\":\"ReadAction\",\"target\":[\"https:\\\/\\\/www.mzclp.de\\\/?page_id=5692\"]}]},{\"@type\":\"ImageObject\",\"inLanguage\":\"de\",\"@id\":\"https:\\\/\\\/www.mzclp.de\\\/?page_id=5692#primaryimage\",\"url\":\"https:\\\/\\\/www.mzclp.de\\\/wp-content\\\/uploads\\\/2026\\\/09\\\/JFP27_JT-Visual_ohne-Logo_1920-x-1080-px.png\",\"contentUrl\":\"https:\\\/\\\/www.mzclp.de\\\/wp-content\\\/uploads\\\/2026\\\/09\\\/JFP27_JT-Visual_ohne-Logo_1920-x-1080-px.png\",\"width\":1920,\"height\":1080},{\"@type\":\"BreadcrumbList\",\"@id\":\"https:\\\/\\\/www.mzclp.de\\\/?page_id=5692#breadcrumb\",\"itemListElement\":[{\"@type\":\"ListItem\",\"position\":1,\"name\":\"Startseite\",\"item\":\"https:\\\/\\\/www.mzclp.de\\\/\"},{\"@type\":\"ListItem\",\"position\":2,\"name\":\"Projekte\",\"item\":\"https:\\\/\\\/www.mzclp.de\\\/?page_id=2088\"},{\"@type\":\"ListItem\",\"position\":3,\"name\":\"KJF &#8211; Deutscher Jugendfilmpreis 2026\"}]},{\"@type\":\"WebSite\",\"@id\":\"https:\\\/\\\/www.mzclp.de\\\/#website\",\"url\":\"https:\\\/\\\/www.mzclp.de\\\/\",\"name\":\"Medienzentrum Cloppenburg\",\"description\":\"Beratung - Medien - Technik\",\"publisher\":{\"@id\":\"https:\\\/\\\/www.mzclp.de\\\/#organization\"},\"potentialAction\":[{\"@type\":\"SearchAction\",\"target\":{\"@type\":\"EntryPoint\",\"urlTemplate\":\"https:\\\/\\\/www.mzclp.de\\\/?s={search_term_string}\"},\"query-input\":{\"@type\":\"PropertyValueSpecification\",\"valueRequired\":true,\"valueName\":\"search_term_string\"}}],\"inLanguage\":\"de\"},{\"@type\":\"Organization\",\"@id\":\"https:\\\/\\\/www.mzclp.de\\\/#organization\",\"name\":\"Medienzentrum Cloppenburg\",\"url\":\"https:\\\/\\\/www.mzclp.de\\\/\",\"logo\":{\"@type\":\"ImageObject\",\"inLanguage\":\"de\",\"@id\":\"https:\\\/\\\/www.mzclp.de\\\/#\\\/schema\\\/logo\\\/image\\\/\",\"url\":\"https:\\\/\\\/www.mzclp.de\\\/wp-content\\\/uploads\\\/2020\\\/06\\\/cropped-lkclpmzclpf-1.png\",\"contentUrl\":\"https:\\\/\\\/www.mzclp.de\\\/wp-content\\\/uploads\\\/2020\\\/06\\\/cropped-lkclpmzclpf-1.png\",\"width\":3195,\"height\":606,\"caption\":\"Medienzentrum Cloppenburg\"},\"image\":{\"@id\":\"https:\\\/\\\/www.mzclp.de\\\/#\\\/schema\\\/logo\\\/image\\\/\"}}]}<\/script>\n<!-- \/ Yoast SEO plugin. -->","yoast_head_json":{"title":"KJF - Deutscher Jugendfilmpreis 2026 - Medienzentrum Cloppenburg","robots":{"index":"index","follow":"follow","max-snippet":"max-snippet:-1","max-image-preview":"max-image-preview:large","max-video-preview":"max-video-preview:-1"},"canonical":"https:\/\/www.mzclp.de\/?page_id=5692","og_locale":"de_DE","og_type":"article","og_title":"KJF - Deutscher Jugendfilmpreis 2026 - Medienzentrum Cloppenburg","og_description":"Anschrift \u00a9 paetowd","og_url":"https:\/\/www.mzclp.de\/?page_id=5692","og_site_name":"Medienzentrum Cloppenburg","article_modified_time":"2026-09-01T07:41:12+00:00","og_image":[{"url":"https:\/\/www.mzclp.de\/wp-content\/uploads\/2026\/09\/JFP27_JT-Visual_ohne-Logo_1920-x-1080-px.png","type":"","width":"","height":""}],"twitter_card":"summary_large_image","twitter_misc":{"Gesch\u00e4tzte Lesezeit":"2\u00a0Minuten"},"schema":{"@context":"https:\/\/schema.org","@graph":[{"@type":"WebPage","@id":"https:\/\/www.mzclp.de\/?page_id=5692","url":"https:\/\/www.mzclp.de\/?page_id=5692","name":"KJF - Deutscher Jugendfilmpreis 2026 - Medienzentrum Cloppenburg","isPartOf":{"@id":"https:\/\/www.mzclp.de\/#website"},"primaryImageOfPage":{"@id":"https:\/\/www.mzclp.de\/?page_id=5692#primaryimage"},"image":{"@id":"https:\/\/www.mzclp.de\/?page_id=5692#primaryimage"},"thumbnailUrl":"https:\/\/www.mzclp.de\/wp-content\/uploads\/2026\/09\/JFP27_JT-Visual_ohne-Logo_1920-x-1080-px.png","datePublished":"2023-10-05T08:05:59+00:00","dateModified":"2026-09-01T07:41:12+00:00","breadcrumb":{"@id":"https:\/\/www.mzclp.de\/?page_id=5692#breadcrumb"},"inLanguage":"de","potentialAction":[{"@type":"ReadAction","target":["https:\/\/www.mzclp.de\/?page_id=5692"]}]},{"@type":"ImageObject","inLanguage":"de","@id":"https:\/\/www.mzclp.de\/?page_id=5692#primaryimage","url":"https:\/\/www.mzclp.de\/wp-content\/uploads\/2026\/09\/JFP27_JT-Visual_ohne-Logo_1920-x-1080-px.png","contentUrl":"https:\/\/www.mzclp.de\/wp-content\/uploads\/2026\/09\/JFP27_JT-Visual_ohne-Logo_1920-x-1080-px.png","width":1920,"height":1080},{"@type":"BreadcrumbList","@id":"https:\/\/www.mzclp.de\/?page_id=5692#breadcrumb","itemListElement":[{"@type":"ListItem","position":1,"name":"Startseite","item":"https:\/\/www.mzclp.de\/"},{"@type":"ListItem","position":2,"name":"Projekte","item":"https:\/\/www.mzclp.de\/?page_id=2088"},{"@type":"ListItem","position":3,"name":"KJF &#8211; Deutscher Jugendfilmpreis 2026"}]},{"@type":"WebSite","@id":"https:\/\/www.mzclp.de\/#website","url":"https:\/\/www.mzclp.de\/","name":"Medienzentrum Cloppenburg","description":"Beratung - Medien - Technik","publisher":{"@id":"https:\/\/www.mzclp.de\/#organization"},"potentialAction":[{"@type":"SearchAction","target":{"@type":"EntryPoint","urlTemplate":"https:\/\/www.mzclp.de\/?s={search_term_string}"},"query-input":{"@type":"PropertyValueSpecification","valueRequired":true,"valueName":"search_term_string"}}],"inLanguage":"de"},{"@type":"Organization","@id":"https:\/\/www.mzclp.de\/#organization","name":"Medienzentrum Cloppenburg","url":"https:\/\/www.mzclp.de\/","logo":{"@type":"ImageObject","inLanguage":"de","@id":"https:\/\/www.mzclp.de\/#\/schema\/logo\/image\/","url":"https:\/\/www.mzclp.de\/wp-content\/uploads\/2020\/06\/cropped-lkclpmzclpf-1.png","contentUrl":"https:\/\/www.mzclp.de\/wp-content\/uploads\/2020\/06\/cropped-lkclpmzclpf-1.png","width":3195,"height":606,"caption":"Medienzentrum Cloppenburg"},"image":{"@id":"https:\/\/www.mzclp.de\/#\/schema\/logo\/image\/"}}]}},"_links":{"self":[{"href":"https:\/\/www.mzclp.de\/index.php?rest_route=\/wp\/v2\/pages\/5692","targetHints":{"allow":["GET"]}}],"collection":[{"href":"https:\/\/www.mzclp.de\/index.php?rest_route=\/wp\/v2\/pages"}],"about":[{"href":"https:\/\/www.mzclp.de\/index.php?rest_route=\/wp\/v2\/types\/page"}],"author":[{"embeddable":true,"href":"https:\/\/www.mzclp.de\/index.php?rest_route=\/wp\/v2\/users\/2"}],"replies":[{"embeddable":true,"href":"https:\/\/www.mzclp.de\/index.php?rest_route=%2Fwp%2Fv2%2Fcomments&post=5692"}],"version-history":[{"count":5,"href":"https:\/\/www.mzclp.de\/index.php?rest_route=\/wp\/v2\/pages\/5692\/revisions"}],"predecessor-version":[{"id":6531,"href":"https:\/\/www.mzclp.de\/index.php?rest_route=\/wp\/v2\/pages\/5692\/revisions\/6531"}],"up":[{"embeddable":true,"href":"https:\/\/www.mzclp.de\/index.php?rest_route=\/wp\/v2\/pages\/2088"}],"wp:attachment":[{"href":"https:\/\/www.mzclp.de\/index.php?rest_route=%2Fwp%2Fv2%2Fmedia&parent=5692"}],"curies":[{"name":"wp","href":"https:\/\/api.w.org\/{rel}","templated":true}]}}